{"version":"1.0","provider_name":"Forumi i Mendimit t\u00eb Lir\u00eb","provider_url":"http:\/\/fml.al","author_name":"fml","author_url":"http:\/\/fml.al\/index.php\/author\/fml\/","title":"Pas reagimit t\u00eb banor\u00ebve, nis rihapja e kanaleve n\u00eb lagjen \u201cAlmetaj\u201d n\u00eb Mat (video) - Forumi i Mendimit t\u00eb Lir\u00eb","type":"rich","width":600,"height":338,"html":"<blockquote class=\"wp-embedded-content\" data-secret=\"KoOBTGc6nY\"><a href=\"http:\/\/fml.al\/index.php\/2018\/07\/19\/mat-nis-rihapja-e-kanaleve-ne-lagjen-almetaj\/\">Pas reagimit t\u00eb banor\u00ebve, nis rihapja e kanaleve n\u00eb lagjen \u201cAlmetaj\u201d n\u00eb Mat (video)<\/a><\/blockquote><iframe sandbox=\"allow-scripts\" security=\"restricted\" src=\"http:\/\/fml.al\/index.php\/2018\/07\/19\/mat-nis-rihapja-e-kanaleve-ne-lagjen-almetaj\/embed\/#?secret=KoOBTGc6nY\" width=\"600\" height=\"338\" title=\"&#8220;Pas reagimit t\u00eb banor\u00ebve, nis rihapja e kanaleve n\u00eb lagjen \u201cAlmetaj\u201d n\u00eb Mat (video)&#8221; &#8212; Forumi i Mendimit t\u00eb Lir\u00eb\" data-secret=\"KoOBTGc6nY\" frameborder=\"0\" marginwidth=\"0\" marginheight=\"0\" scrolling=\"no\" class=\"wp-embedded-content\"><\/iframe><script type=\"text\/javascript\">\n\/* <![CDATA[ *\/\n\/*! This file is auto-generated *\/\n!function(d,l){\"use strict\";l.querySelector&&d.addEventListener&&\"undefined\"!=typeof URL&&(d.wp=d.wp||{},d.wp.receiveEmbedMessage||(d.wp.receiveEmbedMessage=function(e){var t=e.data;if((t||t.secret||t.message||t.value)&&!\/[^a-zA-Z0-9]\/.test(t.secret)){for(var s,r,n,a=l.querySelectorAll('iframe[data-secret=\"'+t.secret+'\"]'),o=l.querySelectorAll('blockquote[data-secret=\"'+t.secret+'\"]'),c=new RegExp(\"^https?:$\",\"i\"),i=0;i<o.length;i++)o[i].style.display=\"none\";for(i=0;i<a.length;i++)s=a[i],e.source===s.contentWindow&&(s.removeAttribute(\"style\"),\"height\"===t.message?(1e3<(r=parseInt(t.value,10))?r=1e3:~~r<200&&(r=200),s.height=r):\"link\"===t.message&&(r=new URL(s.getAttribute(\"src\")),n=new URL(t.value),c.test(n.protocol))&&n.host===r.host&&l.activeElement===s&&(d.top.location.href=t.value))}},d.addEventListener(\"message\",d.wp.receiveEmbedMessage,!1),l.addEventListener(\"DOMContentLoaded\",function(){for(var e,t,s=l.querySelectorAll(\"iframe.wp-embedded-content\"),r=0;r<s.length;r++)(t=(e=s[r]).getAttribute(\"data-secret\"))||(t=Math.random().toString(36).substring(2,12),e.src+=\"#?secret=\"+t,e.setAttribute(\"data-secret\",t)),e.contentWindow.postMessage({message:\"ready\",secret:t},\"*\")},!1)))}(window,document);\n\/* ]]> *\/\n<\/script>\n","thumbnail_url":"https:\/\/fml.al\/wp-content\/uploads\/2018\/07\/mat.jpg","thumbnail_width":976,"thumbnail_height":502,"description":"Prej m\u00eb shum\u00eb se 25 vitesh banor\u00ebt e fshatit \u201cAlmetaj\u201d n\u00eb nj\u00ebsin\u00eb administrative Komsi n\u00eb Bashkin\u00eb e Matit ankoheshin p\u00ebr ndotjen nga uj\u00ebrat e zeza t\u00eb qytetit t\u00eb Burrelit dhe p\u00ebrmbytjen e disa hektar\u00ebve tok\u00eb bujq\u00ebsore. Por vet\u00ebm pas kaq vitesh, ka nisur nj\u00eb nd\u00ebrhyrje e cila do t\u00eb rib\u00ebj\u00eb funksional\u00eb t\u00eb gjith\u00eb kanalet kullues [&hellip;]"}